{"id":12,"date":"2020-06-06T20:50:50","date_gmt":"2020-06-06T20:50:50","guid":{"rendered":"http:\/\/arztpraxis-blaufelden.de\/?page_id=12"},"modified":"2025-08-14T21:11:56","modified_gmt":"2025-08-14T21:11:56","slug":"startseite","status":"publish","type":"page","link":"https:\/\/arztpraxis-blaufelden.de\/","title":{"rendered":"Herzlich Willkommen"},"content":{"rendered":"\t\t<div data-elementor-type=\"wp-page\" data-elementor-id=\"12\" class=\"elementor elementor-12\">\n\t\t\t\t\t\t<div class=\"elementor-inner\">\n\t\t\t\t<div class=\"elementor-section-wrap\">\n\t\t\t\t\t\t\t\t\t<section class=\"elementor-section elementor-top-section elementor-element elementor-element-40913119 elementor-section-boxed elementor-section-height-default elementor-section-height-default\" data-id=\"40913119\" data-element_type=\"section\">\n\t\t\t\t\t\t<div class=\"elementor-container elementor-column-gap-default\">\n\t\t\t\t\t\t\t<div class=\"elementor-row\">\n\t\t\t\t\t<div class=\"elementor-column elementor-col-100 elementor-top-column elementor-element elementor-element-4c15c25b\" data-id=\"4c15c25b\" data-element_type=\"column\">\n\t\t\t<div class=\"elementor-column-wrap elementor-element-populated\">\n\t\t\t\t\t\t\t<div class=\"elementor-widget-wrap\">\n\t\t\t\t\t\t<div class=\"elementor-element elementor-element-7d796a8 elementor-widget elementor-widget-text-editor\" data-id=\"7d796a8\" data-element_type=\"widget\" data-widget_type=\"text-editor.default\">\n\t\t\t\t<div class=\"elementor-widget-container\">\n\t\t\t\t\t\t\t\t<div class=\"elementor-text-editor elementor-clearfix\">\n\t\t\t\t<ul>\n<li><img decoding=\"async\" class=\"aligncenter\" title=\"Blaufelden\" src=\"http:\/\/arztpraxis-blaufelden.de\/wp-content\/uploads\/elementor\/thumbs\/Blaufelden-e1593429053287-orq8a246pa0o0zuet4ifji6uvzi6o8j41yaeli5tu4.jpg\" alt=\"Blaufelden\"><\/li>\n<\/ul>\n<p style=\"text-align: center;\"><strong>Gemeinschaftspraxis<br><\/strong>Pfarrgasse 1<br>74572 Blaufelden<br>Tel.: 07953 8033<br>Fax: 07953 8003<br>email: info@arztpraxis-blaufelden.de<\/p>\n<p style=\"text-align: center;\"><strong>offene Sprechstunden:<\/strong><br>&nbsp;&nbsp;&nbsp;&nbsp;&nbsp;&nbsp;&nbsp;&nbsp;&nbsp;&nbsp;&nbsp;&nbsp;&nbsp;&nbsp;&nbsp;&nbsp;&nbsp;&nbsp;&nbsp;&nbsp;&nbsp;&nbsp;&nbsp;&nbsp;&nbsp; &nbsp; &nbsp; Montag: \u200a10:00-11:45 \/ 17:00-17:45&nbsp;&nbsp;&nbsp;&nbsp;&nbsp;&nbsp;&nbsp;&nbsp;&nbsp;&nbsp;&nbsp;&nbsp;&nbsp;&nbsp;&nbsp;&nbsp;&nbsp;&nbsp;&nbsp;&nbsp;&nbsp;&nbsp;&nbsp;&nbsp;&nbsp;&nbsp;&nbsp;&nbsp;&nbsp;&nbsp;&nbsp;&nbsp;&nbsp;&nbsp;&nbsp;&nbsp;&nbsp;&nbsp;&nbsp;&nbsp;<\/p>\n<p style=\"text-align: center;\">Dienstag:&nbsp; &nbsp; \u200a&nbsp; &nbsp; &nbsp; 10:00-11:45 <br>Mittwoch:&nbsp; &nbsp; &nbsp; &nbsp; &nbsp; 10:00-11:45<br>Donnerstag: \u200a\u200a&nbsp; &nbsp; 10:00-11:45 <br>Freitag: 10:00-11:45 \/ &nbsp;&nbsp; 17:00-17:45<\/p>\n<p style=\"text-align: center;\"><strong>ansonsten Termine nur<\/strong><br>nach telefonischer Anmeldung<br>unter&nbsp;07953 8033 oder online (siehe unten)<\/p>\n<p style=\"text-align: center;\">Gemeinschaftspraxis Blaufelden &#8211; Haus\u00e4rztliche Versorgung<\/p>\n<p>Wir sind die haus\u00e4rztliche Gemeinschaftspraxis in Blaufelden. Wir m\u00f6chten Ihnen hiermit einen Einblick in unsere Praxis geben. Sollten Sie weitere Informationen ben\u00f6tigen, wenden Sie sich bitte vertrauensvoll an unser Praxis-Team. Unser Team hat&nbsp; immer ein offenes Ohr f\u00fcr Sie und steht Ihnen jederzeit mit Rat und Tat zur Seite. In unserer Praxis wollen wir Ihnen Diagnose-Sicherheit und zeitgem\u00e4\u00dfe Behandlungsm\u00f6glichkeiten anbieten. Schlie\u00dflich liegt uns nichts so sehr am Herzen wie Ihre Gesundheit.<\/p>\n<p>Ihre&nbsp;<strong>Gemeinschaftspraxis Blaufelden<\/strong><\/p>\t\t\t\t\t<\/div>\n\t\t\t\t\t\t<\/div>\n\t\t\t\t<\/div>\n\t\t\t\t\t\t<\/div>\n\t\t\t\t\t<\/div>\n\t\t<\/div>\n\t\t\t\t\t\t\t\t<\/div>\n\t\t\t\t\t<\/div>\n\t\t<\/section>\n\t\t\t\t<section class=\"elementor-section elementor-top-section elementor-element elementor-element-5195c2f elementor-section-boxed elementor-section-height-default elementor-section-height-default\" data-id=\"5195c2f\" data-element_type=\"section\">\n\t\t\t\t\t\t<div class=\"elementor-container elementor-column-gap-default\">\n\t\t\t\t\t\t\t<div class=\"elementor-row\">\n\t\t\t\t\t<div class=\"elementor-column elementor-col-100 elementor-top-column elementor-element elementor-element-9850a66\" data-id=\"9850a66\" data-element_type=\"column\">\n\t\t\t<div class=\"elementor-column-wrap elementor-element-populated\">\n\t\t\t\t\t\t\t<div class=\"elementor-widget-wrap\">\n\t\t\t\t\t\t<div class=\"elementor-element elementor-element-2091348 elementor-widget elementor-widget-text-editor\" data-id=\"2091348\" data-element_type=\"widget\" data-widget_type=\"text-editor.default\">\n\t\t\t\t<div class=\"elementor-widget-container\">\n\t\t\t\t\t\t\t\t<div class=\"elementor-text-editor elementor-clearfix\">\n\t\t\t\t<h3 style=\"letter-spacing: normal; text-align: center;\">HINWEISE ZUM CORONAVIRUS UND BESUCHEN IN UNSERER PRAXIS<\/h3><p style=\"text-align: center;\">Liebe<strong>\u00a0Patientinnen, liebe Patienten,<\/strong><br \/>auch in Zeiten der um sich greifenden Corona-Epidemie werden wir ein verl\u00e4sslicher und<br \/>kompetenter Partner an Ihrer Seite sein. Da wir an strengen Hygienevorschriften festhalten,<br \/>werden wir den Praxisbetrieb wie gewohnt f\u00fcr Sie aufrecht erhalten.<\/p><p style=\"margin-bottom: 1.5rem; text-align: center;\">Um auch eine\u00a0<u>kontaktlose<\/u>\u00a0Untersuchung und Beratung anzubieten,<br \/>haben wir zus\u00e4tzlich\u00a0<u>Videosprechstunden<\/u>\u00a0eingef\u00fchrt.<\/p>\t\t\t\t\t<\/div>\n\t\t\t\t\t\t<\/div>\n\t\t\t\t<\/div>\n\t\t\t\t\t\t<\/div>\n\t\t\t\t\t<\/div>\n\t\t<\/div>\n\t\t\t\t\t\t\t\t<\/div>\n\t\t\t\t\t<\/div>\n\t\t<\/section>\n\t\t\t\t<section class=\"elementor-section elementor-top-section elementor-element elementor-element-adfe027 elementor-section-boxed elementor-section-height-default elementor-section-height-default\" data-id=\"adfe027\" data-element_type=\"section\">\n\t\t\t\t\t\t<div class=\"elementor-container elementor-column-gap-default\">\n\t\t\t\t\t\t\t<div class=\"elementor-row\">\n\t\t\t\t\t<div class=\"elementor-column elementor-col-100 elementor-top-column elementor-element elementor-element-7811ebe\" data-id=\"7811ebe\" data-element_type=\"column\">\n\t\t\t<div class=\"elementor-column-wrap elementor-element-populated\">\n\t\t\t\t\t\t\t<div class=\"elementor-widget-wrap\">\n\t\t\t\t\t\t<div class=\"elementor-element elementor-element-656461b elementor-widget elementor-widget-text-editor\" data-id=\"656461b\" data-element_type=\"widget\" data-widget_type=\"text-editor.default\">\n\t\t\t\t<div class=\"elementor-widget-container\">\n\t\t\t\t\t\t\t\t<div class=\"elementor-text-editor elementor-clearfix\">\n\t\t\t\t<p style=\"font-size: 15px; font-weight: 400; color: #666666; font-family: -apple-system, BlinkMacSystemFont, 'Segoe UI', Roboto, Oxygen-Sans, Ubuntu, Cantarell, 'Helvetica Neue', sans-serif; text-align: center;\">Online-Terminvereinbarung<strong> f\u00fcr unsere Patient\/-innen<br><\/strong><\/p>\n<p style=\"font-size: 15px; font-weight: 400; color: #666666; font-family: -apple-system, BlinkMacSystemFont, 'Segoe UI', Roboto, Oxygen-Sans, Ubuntu, Cantarell, 'Helvetica Neue', sans-serif; text-align: center;\"><strong>Die elektronische Terminvereinbarung bietet unseren Patient: innen&nbsp; die M\u00f6glichkeit, einen Termin bei uns online zu vereinbaren. Dazu dr\u00fccken Sie auf den Link oder Sie kopieren den Link<\/strong><\/p>\n<p style=\"font-size: 15px; font-weight: 400; color: #666666; font-family: -apple-system, BlinkMacSystemFont, 'Segoe UI', Roboto, Oxygen-Sans, Ubuntu, Cantarell, 'Helvetica Neue', sans-serif; text-align: center;\"><a href=\"https:\/\/onlinepraxistermine.de\/iframe\/SC0879CA7\">Online-Termin<\/a><\/p>\n<pre style=\"font-size: 15px; font-family: -apple-system, BlinkMacSystemFont, 'Segoe UI', Roboto, Oxygen-Sans, Ubuntu, Cantarell, 'Helvetica Neue', sans-serif; font-weight: 400; color: #666666; text-align: center;\">https:\/\/onlinepraxistermine.de\/iframe\/SC0879CA7<\/pre>\t\t\t\t\t<\/div>\n\t\t\t\t\t\t<\/div>\n\t\t\t\t<\/div>\n\t\t\t\t\t\t<\/div>\n\t\t\t\t\t<\/div>\n\t\t<\/div>\n\t\t\t\t\t\t\t\t<\/div>\n\t\t\t\t\t<\/div>\n\t\t<\/section>\n\t\t\t\t<section class=\"elementor-section elementor-top-section elementor-element elementor-element-d6c7802 elementor-section-boxed elementor-section-height-default elementor-section-height-default\" data-id=\"d6c7802\" data-element_type=\"section\">\n\t\t\t\t\t\t<div class=\"elementor-container elementor-column-gap-default\">\n\t\t\t\t\t\t\t<div class=\"elementor-row\">\n\t\t\t\t\t<div class=\"elementor-column elementor-col-100 elementor-top-column elementor-element elementor-element-d077cec\" data-id=\"d077cec\" data-element_type=\"column\">\n\t\t\t<div class=\"elementor-column-wrap elementor-element-populated\">\n\t\t\t\t\t\t\t<div class=\"elementor-widget-wrap\">\n\t\t\t\t\t\t<div class=\"elementor-element elementor-element-7e49010 elementor-widget elementor-widget-text-editor\" data-id=\"7e49010\" data-element_type=\"widget\" data-widget_type=\"text-editor.default\">\n\t\t\t\t<div class=\"elementor-widget-container\">\n\t\t\t\t\t\t\t\t<div class=\"elementor-text-editor elementor-clearfix\">\n\t\t\t\t<p style=\"color: #666666; font-family: -apple-system, BlinkMacSystemFont, 'Segoe UI', Roboto, Oxygen-Sans, Ubuntu, Cantarell, 'Helvetica Neue', sans-serif; text-align: center;\"><strong>Bitte beachten Sie:&nbsp;<u>Termine von Nicht-Bestandspatient\/-innen&nbsp;<\/u><em><u>werden nicht akzeptiert.&nbsp;<\/u>Sie erhalten aus technischen Gr\u00fcnden daf\u00fcr keine Mitteilung, k\u00f6nnen aber vor Ort abgewiesen werden!<\/em><\/strong><\/p>\n<p style=\"color: #666666; font-family: -apple-system, BlinkMacSystemFont, 'Segoe UI', Roboto, Oxygen-Sans, Ubuntu, Cantarell, 'Helvetica Neue', sans-serif; text-align: center;\"><strong>Sollten Sie Ihren bereits gebuchten Termin nicht wahrnehmen k\u00f6nnen, sagen Sie ihn bitte ab.<\/strong><\/p>\n<p style=\"color: #666666; font-family: -apple-system, BlinkMacSystemFont, 'Segoe UI', Roboto, Oxygen-Sans, Ubuntu, Cantarell, 'Helvetica Neue', sans-serif; text-align: center;\"><strong>Damit erm\u00f6glichen Sie es anderen Patienten, den freigewordenen Termin zu buchen.<\/strong><\/p>\n<p style=\"color: #666666; font-family: -apple-system, BlinkMacSystemFont, 'Segoe UI', Roboto, Oxygen-Sans, Ubuntu, Cantarell, 'Helvetica Neue', sans-serif; text-align: center;\"><a href=\"http:\/\/arztpraxis-blaufelden.de\/?page_id=6\" style=\"background-color: rgb(255, 255, 255); font-weight: var( --e-global-typography-text-font-weight ); letter-spacing: 0px; font-family: var( --e-global-typography-text-font-family ), Sans-serif; pointer-events: none;\">Weitere Informationen entnehmen Sie bitte aus unseren Leistungen<\/a><br><\/p>\t\t\t\t\t<\/div>\n\t\t\t\t\t\t<\/div>\n\t\t\t\t<\/div>\n\t\t\t\t\t\t<\/div>\n\t\t\t\t\t<\/div>\n\t\t<\/div>\n\t\t\t\t\t\t\t\t<\/div>\n\t\t\t\t\t<\/div>\n\t\t<\/section>\n\t\t\t\t\t\t\t\t\t<\/div>\n\t\t\t<\/div>\n\t\t\t\t\t<\/div>\n\t\t","protected":false},"excerpt":{"rendered":"<p>GemeinschaftspraxisPfarrgasse 174572 BlaufeldenTel.: 07953 8033Fax: 07953 8003email: info@arztpraxis-blaufelden.de offene Sprechstunden:&nbsp;&nbsp;&nbsp;&nbsp;&nbsp;&nbsp;&nbsp;&nbsp;&nbsp;&nbsp;&nbsp;&nbsp;&nbsp;&nbsp;&nbsp;&nbsp;&nbsp;&nbsp;&nbsp;&nbsp;&nbsp;&nbsp;&nbsp;&nbsp;&nbsp; &nbsp; &nbsp; Montag: \u200a10:00-11:45 \/ 17:00-17:45&nbsp;&nbsp;&nbsp;&nbsp;&nbsp;&nbsp;&nbsp;&nbsp;&nbsp;&nbsp;&nbsp;&nbsp;&nbsp;&nbsp;&nbsp;&nbsp;&nbsp;&nbsp;&nbsp;&nbsp;&nbsp;&nbsp;&nbsp;&nbsp;&nbsp;&nbsp;&nbsp;&nbsp;&nbsp;&nbsp;&nbsp;&nbsp;&nbsp;&nbsp;&nbsp;&nbsp;&nbsp;&nbsp;&nbsp;&nbsp; Dienstag:&nbsp; &nbsp; \u200a&nbsp; &nbsp; &nbsp; 10:00-11:45 Mittwoch:&nbsp; &nbsp; &nbsp; &nbsp; &nbsp; 10:00-11:45Donnerstag: \u200a\u200a&nbsp; &nbsp; 10:00-11:45 Freitag: 10:00-11:45 \/ &nbsp;&nbsp; 17:00-17:45 ansonsten Termine nurnach telefonischer Anmeldungunter&nbsp;07953 8033 oder online (siehe unten) Gemeinschaftspraxis Blaufelden &#8211; Haus\u00e4rztliche Versorgung Wir sind die haus\u00e4rztliche &hellip;<\/p>\n","protected":false},"author":1,"featured_media":0,"parent":0,"menu_order":0,"comment_status":"closed","ping_status":"closed","template":"","meta":[],"_links":{"self":[{"href":"https:\/\/arztpraxis-blaufelden.de\/index.php?rest_route=\/wp\/v2\/pages\/12"}],"collection":[{"href":"https:\/\/arztpraxis-blaufelden.de\/index.php?rest_route=\/wp\/v2\/pages"}],"about":[{"href":"https:\/\/arztpraxis-blaufelden.de\/index.php?rest_route=\/wp\/v2\/types\/page"}],"author":[{"embeddable":true,"href":"https:\/\/arztpraxis-blaufelden.de\/index.php?rest_route=\/wp\/v2\/users\/1"}],"replies":[{"embeddable":true,"href":"https:\/\/arztpraxis-blaufelden.de\/index.php?rest_route=%2Fwp%2Fv2%2Fcomments&post=12"}],"version-history":[{"count":126,"href":"https:\/\/arztpraxis-blaufelden.de\/index.php?rest_route=\/wp\/v2\/pages\/12\/revisions"}],"predecessor-version":[{"id":384,"href":"https:\/\/arztpraxis-blaufelden.de\/index.php?rest_route=\/wp\/v2\/pages\/12\/revisions\/384"}],"wp:attachment":[{"href":"https:\/\/arztpraxis-blaufelden.de\/index.php?rest_route=%2Fwp%2Fv2%2Fmedia&parent=12"}],"curies":[{"name":"wp","href":"https:\/\/api.w.org\/{rel}","templated":true}]}}